{"id":15,"date":"2021-11-16T16:37:23","date_gmt":"2021-11-16T16:37:23","guid":{"rendered":"https:\/\/vermietung.teubers.ch\/?page_id=15"},"modified":"2025-01-30T00:34:29","modified_gmt":"2025-01-29T23:34:29","slug":"vermietung-pfadihuus-eschenbach","status":"publish","type":"page","link":"https:\/\/vermietung.teubers.ch\/","title":{"rendered":"Vermietung Pfadihuus Eschenbach"},"content":{"rendered":"\n<h1 class=\"wp-block-heading has-black-color has-text-color\" id=\"der-perfekte-ort-fur-generalversammlungen\" style=\"font-size:50px;line-height:1.5\">Der perfekte Ort f\u00fcr&#8230;<span class=\"homer-typewriter\" data-settings=\"{&quot;speed&quot;:4,&quot;delay&quot;:2.5,&quot;startDelay&quot;:0,&quot;loop&quot;:true,&quot;visibleStart&quot;:false,&quot;spaceStart&quot;:false,&quot;cursor&quot;:false,&quot;cursorBlink&quot;:false,&quot;cursorType&quot;:&quot;|&quot;,&quot;fulldWidth&quot;:false,&quot;timeline&quot;:false,&quot;timelineColor&quot;:&quot;black&quot;,&quot;cursorColor&quot;:&quot;inherit&quot;,&quot;action&quot;:&quot;time&quot;}\" data-values=\"[{&quot;value&quot;:&quot;Vereinsanl\u00e4sse&quot;,&quot;color&quot;:&quot;#fcb900&quot;},{&quot;value&quot;:&quot;Gesch\u00e4ftsessen&quot;,&quot;color&quot;:&quot;#00d084&quot;},{&quot;value&quot;:&quot;Planungsweekends&quot;,&quot;color&quot;:&quot;#cf2e2e&quot;},{&quot;value&quot;:&quot;Sommerlager&quot;,&quot;color&quot;:&quot;#0693e3&quot;},{&quot;value&quot;:&quot;Teamevents&quot;,&quot;color&quot;:&quot;#9b51e0&quot;}]\" data-style=\"4\" id=\"HsJa9xj\">Generalversammlungen<\/span><\/h1>\n\n\n\n<figure class=\"wp-block-gallery has-nested-images columns-default is-cropped wp-block-gallery-1 is-layout-flex wp-block-gallery-is-layout-flex\">\n<figure class=\"wp-block-image size-large\"><a href=\"https:\/\/vermietung.teubers.ch\/wp-content\/uploads\/2021\/11\/IMG_7975-scaled.jpg\"><img loading=\"lazy\" decoding=\"async\" width=\"768\" height=\"1024\" data-id=\"106\" src=\"https:\/\/vermietung.teubers.ch\/wp-content\/uploads\/2021\/11\/IMG_7975-768x1024.jpg\" alt=\"\" class=\"wp-image-106\" srcset=\"https:\/\/vermietung.teubers.ch\/wp-content\/uploads\/2021\/11\/IMG_7975-768x1024.jpg 768w, https:\/\/vermietung.teubers.ch\/wp-content\/uploads\/2021\/11\/IMG_7975-225x300.jpg 225w, https:\/\/vermietung.teubers.ch\/wp-content\/uploads\/2021\/11\/IMG_7975-1152x1536.jpg 1152w, https:\/\/vermietung.teubers.ch\/wp-content\/uploads\/2021\/11\/IMG_7975-1536x2048.jpg 1536w, https:\/\/vermietung.teubers.ch\/wp-content\/uploads\/2021\/11\/IMG_7975-1568x2091.jpg 1568w, https:\/\/vermietung.teubers.ch\/wp-content\/uploads\/2021\/11\/IMG_7975-scaled.jpg 1920w\" sizes=\"auto, (max-width: 706px) 89vw, (max-width: 767px) 82vw, 740px\" \/><\/a><\/figure>\n\n\n\n<figure class=\"wp-block-image size-large\"><a href=\"https:\/\/vermietung.teubers.ch\/wp-content\/uploads\/2021\/11\/IMG_7493-rotated.jpg\"><img loading=\"lazy\" decoding=\"async\" width=\"768\" height=\"1024\" data-id=\"103\" src=\"https:\/\/vermietung.teubers.ch\/wp-content\/uploads\/2021\/11\/IMG_7493-768x1024.jpg\" alt=\"\" class=\"wp-image-103\" srcset=\"https:\/\/vermietung.teubers.ch\/wp-content\/uploads\/2021\/11\/IMG_7493-768x1024.jpg 768w, https:\/\/vermietung.teubers.ch\/wp-content\/uploads\/2021\/11\/IMG_7493-225x300.jpg 225w, https:\/\/vermietung.teubers.ch\/wp-content\/uploads\/2021\/11\/IMG_7493-1152x1536.jpg 1152w, https:\/\/vermietung.teubers.ch\/wp-content\/uploads\/2021\/11\/IMG_7493-rotated.jpg 1512w\" sizes=\"auto, (max-width: 706px) 89vw, (max-width: 767px) 82vw, 740px\" \/><\/a><\/figure>\n\n\n\n<figure class=\"wp-block-image size-large\"><a href=\"https:\/\/vermietung.teubers.ch\/wp-content\/uploads\/2021\/11\/IMG_7484-rotated.jpg\"><img loading=\"lazy\" decoding=\"async\" width=\"768\" height=\"1024\" data-id=\"104\" src=\"https:\/\/vermietung.teubers.ch\/wp-content\/uploads\/2021\/11\/IMG_7484-768x1024.jpg\" alt=\"\" class=\"wp-image-104\" srcset=\"https:\/\/vermietung.teubers.ch\/wp-content\/uploads\/2021\/11\/IMG_7484-768x1024.jpg 768w, https:\/\/vermietung.teubers.ch\/wp-content\/uploads\/2021\/11\/IMG_7484-225x300.jpg 225w, https:\/\/vermietung.teubers.ch\/wp-content\/uploads\/2021\/11\/IMG_7484-1152x1536.jpg 1152w, https:\/\/vermietung.teubers.ch\/wp-content\/uploads\/2021\/11\/IMG_7484-rotated.jpg 1512w\" sizes=\"auto, (max-width: 706px) 89vw, (max-width: 767px) 82vw, 740px\" \/><\/a><\/figure>\n<\/figure>\n\n\n\n<div class=\"wp-block-buttons is-layout-flex wp-block-buttons-is-layout-flex\">\n<div class=\"wp-block-button is-style-fill\"><a class=\"wp-block-button__link has-black-color has-vivid-green-cyan-background-color has-text-color has-background wp-element-button\" href=\"https:\/\/vermietung.teubers.ch\/?page_id=445\" style=\"border-radius:9px\">Jetzt anfragen<\/a><\/div>\n\n\n\n<div class=\"wp-block-button is-style-fill\"><a class=\"wp-block-button__link has-black-color has-vivid-green-cyan-background-color has-text-color has-background wp-element-button\" href=\"#Tarife\" style=\"border-radius:9px\">Tarife<\/a><\/div>\n<\/div>\n\n\n\n<div class=\"wp-block-group\"><div class=\"wp-block-group__inner-container is-layout-flow wp-block-group-is-layout-flow\">\n<hr class=\"wp-block-separator has-css-opacity alignfull\"\/>\n<\/div><\/div>\n\n\n\n<h1 class=\"wp-block-heading has-large-font-size\" id=\"bereiche\">Bereiche<\/h1>\n\n\n\n<div class=\"wp-block-columns are-vertically-aligned-top is-layout-flex wp-container-core-columns-is-layout-9d6595d7 wp-block-columns-is-layout-flex\">\n<div class=\"wp-block-column is-layout-flow wp-block-column-is-layout-flow\">\n<div class=\"wp-block-group\"><div class=\"wp-block-group__inner-container is-layout-flow wp-block-group-is-layout-flow\"><div class=\"wp-block-image is-style-default\">\n<figure class=\"aligncenter size-large\"><a href=\"https:\/\/vermietung.teubers.ch\/wp-content\/uploads\/2021\/11\/20211023_112505-scaled.jpg\"><img loading=\"lazy\" decoding=\"async\" width=\"1024\" height=\"461\" src=\"https:\/\/vermietung.teubers.ch\/wp-content\/uploads\/2021\/11\/20211023_112505-1024x461.jpg\" alt=\"\" class=\"wp-image-90\" srcset=\"https:\/\/vermietung.teubers.ch\/wp-content\/uploads\/2021\/11\/20211023_112505-1024x461.jpg 1024w, https:\/\/vermietung.teubers.ch\/wp-content\/uploads\/2021\/11\/20211023_112505-300x135.jpg 300w, https:\/\/vermietung.teubers.ch\/wp-content\/uploads\/2021\/11\/20211023_112505-768x346.jpg 768w, https:\/\/vermietung.teubers.ch\/wp-content\/uploads\/2021\/11\/20211023_112505-1536x691.jpg 1536w, https:\/\/vermietung.teubers.ch\/wp-content\/uploads\/2021\/11\/20211023_112505-2048x922.jpg 2048w, https:\/\/vermietung.teubers.ch\/wp-content\/uploads\/2021\/11\/20211023_112505-1568x706.jpg 1568w\" sizes=\"auto, (max-width: 706px) 89vw, (max-width: 767px) 82vw, 740px\" \/><\/a><\/figure>\n<\/div>\n\n\n<h2 class=\"wp-block-heading has-text-align-left has-black-color has-text-color\" id=\"hauptraum\" style=\"font-size:30px\">Hauptraum<\/h2>\n\n\n\n<p class=\"has-text-align-left\">Der heimelige grosse Aufenthaltsraum ist mit massiven Holztischen und \u2013 b\u00e4nken ausgestattet. Er bietet bis zu 40 Personen Platz.<\/p>\n<\/div><\/div>\n<\/div>\n\n\n\n<div class=\"wp-block-column is-layout-flow wp-block-column-is-layout-flow\">\n<div class=\"wp-block-group\"><div class=\"wp-block-group__inner-container is-layout-flow wp-block-group-is-layout-flow\"><div class=\"wp-block-image is-style-default\">\n<figure class=\"aligncenter size-large\"><a href=\"https:\/\/vermietung.teubers.ch\/wp-content\/uploads\/2021\/11\/20211023_112430-scaled.jpg\"><img loading=\"lazy\" decoding=\"async\" width=\"1024\" height=\"461\" src=\"https:\/\/vermietung.teubers.ch\/wp-content\/uploads\/2021\/11\/20211023_112430-1024x461.jpg\" alt=\"\" class=\"wp-image-89\" srcset=\"https:\/\/vermietung.teubers.ch\/wp-content\/uploads\/2021\/11\/20211023_112430-1024x461.jpg 1024w, https:\/\/vermietung.teubers.ch\/wp-content\/uploads\/2021\/11\/20211023_112430-300x135.jpg 300w, https:\/\/vermietung.teubers.ch\/wp-content\/uploads\/2021\/11\/20211023_112430-768x346.jpg 768w, https:\/\/vermietung.teubers.ch\/wp-content\/uploads\/2021\/11\/20211023_112430-1536x691.jpg 1536w, https:\/\/vermietung.teubers.ch\/wp-content\/uploads\/2021\/11\/20211023_112430-2048x922.jpg 2048w, https:\/\/vermietung.teubers.ch\/wp-content\/uploads\/2021\/11\/20211023_112430-1568x706.jpg 1568w\" sizes=\"auto, (max-width: 706px) 89vw, (max-width: 767px) 82vw, 740px\" \/><\/a><\/figure>\n<\/div>\n\n\n<h2 class=\"wp-block-heading has-text-align-left has-black-color has-text-color\" id=\"kuche\" style=\"font-size:30px\">K\u00fcche<\/h2>\n\n\n\n<p class=\"has-text-align-left\">Die grossz\u00fcgige K\u00fcche hat einen Gastro K\u00fchlschrank und einen Kochherd mit XL Backofen. In zwei grossen Waschbecken kann das Geschirr von Hand gereinigt werden. Die einfache K\u00fcchennutzung ist im Preis inbegriffen. Ein 40 teiliges Geschirrset und Pfannen kann f\u00fcr eine Pauschale dazu gemietet werden.<\/p>\n<\/div><\/div>\n<\/div>\n<\/div>\n\n\n\n<div class=\"wp-block-columns are-vertically-aligned-top is-layout-flex wp-container-core-columns-is-layout-9d6595d7 wp-block-columns-is-layout-flex\">\n<div class=\"wp-block-column is-layout-flow wp-block-column-is-layout-flow\">\n<div class=\"wp-block-group\"><div class=\"wp-block-group__inner-container is-layout-flow wp-block-group-is-layout-flow\"><div class=\"wp-block-image is-style-default\">\n<figure class=\"aligncenter size-large is-resized\"><a href=\"https:\/\/vermietung.teubers.ch\/wp-content\/uploads\/2021\/11\/20211023_112541-scaled.jpg\"><img loading=\"lazy\" decoding=\"async\" width=\"1024\" height=\"461\" src=\"https:\/\/vermietung.teubers.ch\/wp-content\/uploads\/2021\/11\/20211023_112541-1024x461.jpg\" alt=\"\" class=\"wp-image-91\" style=\"width:256px;height:115px\" srcset=\"https:\/\/vermietung.teubers.ch\/wp-content\/uploads\/2021\/11\/20211023_112541-1024x461.jpg 1024w, https:\/\/vermietung.teubers.ch\/wp-content\/uploads\/2021\/11\/20211023_112541-300x135.jpg 300w, https:\/\/vermietung.teubers.ch\/wp-content\/uploads\/2021\/11\/20211023_112541-768x346.jpg 768w, https:\/\/vermietung.teubers.ch\/wp-content\/uploads\/2021\/11\/20211023_112541-1536x691.jpg 1536w, https:\/\/vermietung.teubers.ch\/wp-content\/uploads\/2021\/11\/20211023_112541-2048x922.jpg 2048w, https:\/\/vermietung.teubers.ch\/wp-content\/uploads\/2021\/11\/20211023_112541-1568x706.jpg 1568w\" sizes=\"auto, (max-width: 706px) 89vw, (max-width: 767px) 82vw, 740px\" \/><\/a><\/figure>\n<\/div>\n\n\n<h2 class=\"wp-block-heading has-text-align-left has-black-color has-text-color\" id=\"aussenbereich\" style=\"font-size:30px\">Aussenbereich<\/h2>\n\n\n\n<p class=\"has-text-align-left\">Im Aussenbereich darf der gedeckte Doppelgrill und die Feuerschale genutzt werden. Im Preis inbegriffen ist eine Harasse gef\u00fcllt mit Holzscheit. Tische und B\u00e4nke f\u00fcr den Aussenbereich m\u00fcssen selber mitgebracht werden.<\/p>\n<\/div><\/div>\n<\/div>\n\n\n\n<div class=\"wp-block-column is-layout-flow wp-block-column-is-layout-flow\">\n<div class=\"wp-block-group\"><div class=\"wp-block-group__inner-container is-layout-flow wp-block-group-is-layout-flow\"><div class=\"wp-block-image is-style-default\">\n<figure class=\"aligncenter size-large\"><a href=\"https:\/\/vermietung.teubers.ch\/wp-content\/uploads\/2021\/11\/IMG_7516-rotated.jpg\"><img loading=\"lazy\" decoding=\"async\" width=\"768\" height=\"1024\" src=\"https:\/\/vermietung.teubers.ch\/wp-content\/uploads\/2021\/11\/IMG_7516-768x1024.jpg\" alt=\"\" class=\"wp-image-105\" srcset=\"https:\/\/vermietung.teubers.ch\/wp-content\/uploads\/2021\/11\/IMG_7516-768x1024.jpg 768w, https:\/\/vermietung.teubers.ch\/wp-content\/uploads\/2021\/11\/IMG_7516-225x300.jpg 225w, https:\/\/vermietung.teubers.ch\/wp-content\/uploads\/2021\/11\/IMG_7516-1152x1536.jpg 1152w, https:\/\/vermietung.teubers.ch\/wp-content\/uploads\/2021\/11\/IMG_7516-rotated.jpg 1512w\" sizes=\"auto, (max-width: 706px) 89vw, (max-width: 767px) 82vw, 740px\" \/><\/a><\/figure>\n<\/div>\n\n\n<h2 class=\"wp-block-heading has-text-align-left has-black-color has-text-color\" id=\"zeltplatz\" style=\"font-size:30px\">Zeltplatz<\/h2>\n\n\n\n<p>Auf der Wiese vor dem Haus hat es Platz f\u00fcr bis zu vier grosse Pfadizelte.<\/p>\n\n\n\n<div class=\"wp-block-group alignwide\"><div class=\"wp-block-group__inner-container is-layout-flow wp-block-group-is-layout-flow\">\n<div class=\"wp-block-columns is-layout-flex wp-container-core-columns-is-layout-9d6595d7 wp-block-columns-is-layout-flex\">\n<div class=\"wp-block-column is-layout-flow wp-block-column-is-layout-flow\" style=\"flex-basis:100%\">\n<hr class=\"wp-block-separator has-css-opacity alignfull\"\/>\n<\/div>\n<\/div>\n<\/div><\/div>\n<\/div><\/div>\n<\/div>\n<\/div>\n\n\n\n<h2 class=\"wp-block-heading has-large-font-size\" id=\"Tarife\"><span data-settings=\"{&quot;speed&quot;:5,&quot;delay&quot;:2.5,&quot;startDelay&quot;:0,&quot;loop&quot;:false,&quot;visibleStart&quot;:false,&quot;spaceStart&quot;:false,&quot;cursor&quot;:false,&quot;cursorBlink&quot;:false,&quot;cursorType&quot;:&quot;|&quot;,&quot;fulldWidth&quot;:false,&quot;timeline&quot;:false,&quot;timelineColor&quot;:&quot;black&quot;,&quot;cursorColor&quot;:&quot;inherit&quot;,&quot;action&quot;:&quot;time&quot;}\" data-values=\"\" data-style=\"1\" id=\"jVK9TH4\" class=\"homer-typewriter\">Tarife<\/span> <\/h2>\n\n\n\n<ol style=\"list-style-type:1\" class=\"wp-block-list\">\n<li>Kurzmiete 4 Stunden (Sitzungen etc.)<\/li>\n\n\n\n<li>Tagesmiete 08:00h \u2013 17:00h, Abendmiete 17:00h \u2013 10:00h am folgenden Tag<\/li>\n\n\n\n<li>Gesamtpaket 24 Stunden<\/li>\n\n\n\n<li>Wochenmiete f\u00fcr Jugendorganisationen R\u00e4ume Parterre und 1. Stock<\/li>\n<\/ol>\n\n\n\n<figure class=\"wp-block-table is-style-stripes\"><table class=\"has-black-color has-blue-background-color has-text-color has-background\"><tbody><tr><td><strong>Miete<\/strong><\/td><td><strong>Tarif 1<\/strong><\/td><td><strong>Tarif 2<\/strong><\/td><td><strong>Tarif 3<\/strong><\/td><\/tr><tr><td>1. Kurzmiete 4 Std<\/td><td>0<\/td><td>30<\/td><td>50<\/td><\/tr><tr><td>2. Tag\/Abend<\/td><td>150<\/td><td>200<\/td><td>300<\/td><\/tr><tr><td>3. 24 Stunden<\/td><td>200<\/td><td>250<\/td><td>350<\/td><\/tr><tr><td>4. Mehrere Tage<\/td><td>160\/Tag<\/td><td>200\/Tag<\/td><td>nicht m\u00f6glich<\/td><\/tr><tr><td>Kaution generell<\/td><td>100\/Tag,<br>500\/Woche<\/td><td>&nbsp;200<\/td><td>200<\/td><\/tr><\/tbody><\/table><\/figure>\n\n\n\n<h2 class=\"wp-block-heading has-large-font-size\" id=\"download\">Download<\/h2>\n\n\n\n<div class=\"wp-block-file\"><a id=\"wp-block-file--media-6c81b6a0-da38-435a-bc12-b77ef2373c2d\" href=\"https:\/\/vermietung.teubers.ch\/wp-content\/uploads\/2021\/11\/Mietreglement-Pfadihuus-Gublen-Eschenbach-Endversion.pdf\" target=\"_blank\" rel=\"noreferrer noopener\">Mietreglement-Pfadihuus-Gublen-Eschenbach-Endversion<\/a><\/div>\n\n\n\n<hr class=\"wp-block-separator has-css-opacity alignfull\"\/>\n\n\n\n<h1 class=\"wp-block-heading has-large-font-size\" id=\"Anfrage-Formular\">Anfragen<\/h1>\n\n\n\n<div class=\"wp-block-buttons is-layout-flex wp-block-buttons-is-layout-flex\" id=\"https:\/\/vermietung.teubers.ch\/?nf_public_link=4gjxf\">\n<div class=\"wp-block-button\"><a class=\"wp-block-button__link has-black-color has-vivid-green-cyan-background-color has-text-color has-background wp-element-button\" href=\"https:\/\/vermietung.teubers.ch\/?page_id=445\">Anfrageformular ausf\u00fcllen<\/a><\/div>\n<\/div>\n\n\n\n<hr class=\"wp-block-separator has-alpha-channel-opacity\"\/>\n","protected":false},"excerpt":{"rendered":"<p>Der perfekte Ort f\u00fcr&#8230;Generalversammlungen Bereiche Hauptraum Der heimelige grosse Aufenthaltsraum ist mit massiven Holztischen und \u2013 b\u00e4nken ausgestattet. Er bietet bis zu 40 Personen Platz. K\u00fcche Die grossz\u00fcgige K\u00fcche hat einen Gastro K\u00fchlschrank und einen Kochherd mit XL Backofen. In zwei grossen Waschbecken kann das Geschirr von Hand gereinigt werden. Die einfache K\u00fcchennutzung ist im &hellip; <\/p>\n<p class=\"link-more\"><a href=\"https:\/\/vermietung.teubers.ch\/\" class=\"more-link\"><span class=\"screen-reader-text\">\u201eVermietung Pfadihuus Eschenbach\u201c<\/span> weiterlesen<\/a><\/p>\n","protected":false},"author":2,"featured_media":0,"parent":0,"menu_order":0,"comment_status":"closed","ping_status":"closed","template":"","meta":{"footnotes":""},"class_list":["post-15","page","type-page","status-publish","hentry"],"_links":{"self":[{"href":"https:\/\/vermietung.teubers.ch\/index.php?rest_route=\/wp\/v2\/pages\/15","targetHints":{"allow":["GET"]}}],"collection":[{"href":"https:\/\/vermietung.teubers.ch\/index.php?rest_route=\/wp\/v2\/pages"}],"about":[{"href":"https:\/\/vermietung.teubers.ch\/index.php?rest_route=\/wp\/v2\/types\/page"}],"author":[{"embeddable":true,"href":"https:\/\/vermietung.teubers.ch\/index.php?rest_route=\/wp\/v2\/users\/2"}],"replies":[{"embeddable":true,"href":"https:\/\/vermietung.teubers.ch\/index.php?rest_route=%2Fwp%2Fv2%2Fcomments&post=15"}],"version-history":[{"count":84,"href":"https:\/\/vermietung.teubers.ch\/index.php?rest_route=\/wp\/v2\/pages\/15\/revisions"}],"predecessor-version":[{"id":530,"href":"https:\/\/vermietung.teubers.ch\/index.php?rest_route=\/wp\/v2\/pages\/15\/revisions\/530"}],"wp:attachment":[{"href":"https:\/\/vermietung.teubers.ch\/index.php?rest_route=%2Fwp%2Fv2%2Fmedia&parent=15"}],"curies":[{"name":"wp","href":"https:\/\/api.w.org\/{rel}","templated":true}]}}